{"id":171,"date":"2018-01-16T15:12:31","date_gmt":"2018-01-16T14:12:31","guid":{"rendered":"http:\/\/icfoto.cz\/?page_id=171"},"modified":"2023-04-15T13:24:54","modified_gmt":"2023-04-15T11:24:54","slug":"svatby","status":"publish","type":"page","link":"https:\/\/icfoto.cz\/?page_id=171","title":{"rendered":"Svatby"},"content":{"rendered":"\n<p class=\"has-text-align-left\">Nab\u00edz\u00edm focen\u00ed svateb, cena je na dohod\u011b, p\u0159\u00edpadn\u00e9 dal\u0161\u00ed fotky na vy\u017e\u00e1d\u00e1n\u00ed.<\/p>\n\n\n\n\n\n<figure class=\"wp-block-image size-large\"><img decoding=\"async\" loading=\"lazy\" width=\"1024\" height=\"668\" src=\"https:\/\/icfoto.cz\/wp-content\/uploads\/2023\/04\/154-1024x668.jpg\" alt=\"\" class=\"wp-image-671\" srcset=\"https:\/\/icfoto.cz\/wp-content\/uploads\/2023\/04\/154-1024x668.jpg 1024w, https:\/\/icfoto.cz\/wp-content\/uploads\/2023\/04\/154-300x196.jpg 300w, https:\/\/icfoto.cz\/wp-content\/uploads\/2023\/04\/154-768x501.jpg 768w, https:\/\/icfoto.cz\/wp-content\/uploads\/2023\/04\/154-1536x1002.jpg 1536w, https:\/\/icfoto.cz\/wp-content\/uploads\/2023\/04\/154-2048x1336.jpg 2048w\" sizes=\"(max-width: 1024px) 100vw, 1024px\" \/><\/figure>\n\n\n\n<figure class=\"wp-block-image size-large\"><img decoding=\"async\" loading=\"lazy\" width=\"1024\" height=\"668\" src=\"https:\/\/icfoto.cz\/wp-content\/uploads\/2023\/04\/132-1024x668.jpg\" alt=\"\" class=\"wp-image-670\" srcset=\"https:\/\/icfoto.cz\/wp-content\/uploads\/2023\/04\/132-1024x668.jpg 1024w, https:\/\/icfoto.cz\/wp-content\/uploads\/2023\/04\/132-300x196.jpg 300w, https:\/\/icfoto.cz\/wp-content\/uploads\/2023\/04\/132-768x501.jpg 768w, https:\/\/icfoto.cz\/wp-content\/uploads\/2023\/04\/132-1536x1002.jpg 1536w, https:\/\/icfoto.cz\/wp-content\/uploads\/2023\/04\/132-2048x1336.jpg 2048w\" sizes=\"(max-width: 1024px) 100vw, 1024px\" \/><\/figure>\n\n\n\n<figure class=\"wp-block-image size-large\"><img decoding=\"async\" loading=\"lazy\" width=\"1024\" height=\"488\" src=\"https:\/\/icfoto.cz\/wp-content\/uploads\/2023\/04\/001_Elis_simon-1024x488.jpg\" alt=\"\" class=\"wp-image-669\" srcset=\"https:\/\/icfoto.cz\/wp-content\/uploads\/2023\/04\/001_Elis_simon-1024x488.jpg 1024w, https:\/\/icfoto.cz\/wp-content\/uploads\/2023\/04\/001_Elis_simon-300x143.jpg 300w, https:\/\/icfoto.cz\/wp-content\/uploads\/2023\/04\/001_Elis_simon-768x366.jpg 768w, https:\/\/icfoto.cz\/wp-content\/uploads\/2023\/04\/001_Elis_simon-1536x731.jpg 1536w, https:\/\/icfoto.cz\/wp-content\/uploads\/2023\/04\/001_Elis_simon-2048x975.jpg 2048w\" sizes=\"(max-width: 1024px) 100vw, 1024px\" \/><\/figure>\n\n\n<div class=\"wp-block-image\">\n<figure class=\"aligncenter size-large\"><img decoding=\"async\" loading=\"lazy\" width=\"1024\" height=\"404\" src=\"http:\/\/icfoto.cz\/wp-content\/uploads\/2019\/12\/svatba_1-1-1024x404.jpg\" alt=\"\" class=\"wp-image-365\" srcset=\"https:\/\/icfoto.cz\/wp-content\/uploads\/2019\/12\/svatba_1-1-1024x404.jpg 1024w, https:\/\/icfoto.cz\/wp-content\/uploads\/2019\/12\/svatba_1-1-300x118.jpg 300w, https:\/\/icfoto.cz\/wp-content\/uploads\/2019\/12\/svatba_1-1-768x303.jpg 768w, https:\/\/icfoto.cz\/wp-content\/uploads\/2019\/12\/svatba_1-1-1536x607.jpg 1536w, https:\/\/icfoto.cz\/wp-content\/uploads\/2019\/12\/svatba_1-1.jpg 1932w\" sizes=\"(max-width: 1024px) 100vw, 1024px\" \/><\/figure><\/div>\n\n<div class=\"wp-block-image\">\n<figure class=\"aligncenter size-large\"><img decoding=\"async\" loading=\"lazy\" width=\"1024\" height=\"668\" src=\"http:\/\/icfoto.cz\/wp-content\/uploads\/2019\/12\/svatba_2-1-1024x668.jpg\" alt=\"\" class=\"wp-image-367\" srcset=\"https:\/\/icfoto.cz\/wp-content\/uploads\/2019\/12\/svatba_2-1-1024x668.jpg 1024w, https:\/\/icfoto.cz\/wp-content\/uploads\/2019\/12\/svatba_2-1-300x196.jpg 300w, https:\/\/icfoto.cz\/wp-content\/uploads\/2019\/12\/svatba_2-1-768x501.jpg 768w, https:\/\/icfoto.cz\/wp-content\/uploads\/2019\/12\/svatba_2-1-1536x1002.jpg 1536w, https:\/\/icfoto.cz\/wp-content\/uploads\/2019\/12\/svatba_2-1.jpg 1920w\" sizes=\"(max-width: 1024px) 100vw, 1024px\" \/><\/figure><\/div>\n\n<div class=\"wp-block-image\">\n<figure class=\"aligncenter size-large\"><img decoding=\"async\" loading=\"lazy\" width=\"1024\" height=\"668\" src=\"https:\/\/icfoto.cz\/wp-content\/uploads\/2023\/04\/0000-1024x668.jpg\" alt=\"\" class=\"wp-image-668\" srcset=\"https:\/\/icfoto.cz\/wp-content\/uploads\/2023\/04\/0000-1024x668.jpg 1024w, https:\/\/icfoto.cz\/wp-content\/uploads\/2023\/04\/0000-300x196.jpg 300w, https:\/\/icfoto.cz\/wp-content\/uploads\/2023\/04\/0000-768x501.jpg 768w, https:\/\/icfoto.cz\/wp-content\/uploads\/2023\/04\/0000-1536x1002.jpg 1536w, https:\/\/icfoto.cz\/wp-content\/uploads\/2023\/04\/0000-2048x1336.jpg 2048w\" sizes=\"(max-width: 1024px) 100vw, 1024px\" \/><\/figure><\/div>\n\n<div class=\"wp-block-image\">\n<figure class=\"aligncenter size-large\"><img decoding=\"async\" loading=\"lazy\" width=\"1024\" height=\"668\" src=\"http:\/\/icfoto.cz\/wp-content\/uploads\/2019\/12\/svatba_3-1-1024x668.jpg\" alt=\"\" class=\"wp-image-366\" srcset=\"https:\/\/icfoto.cz\/wp-content\/uploads\/2019\/12\/svatba_3-1-1024x668.jpg 1024w, https:\/\/icfoto.cz\/wp-content\/uploads\/2019\/12\/svatba_3-1-300x196.jpg 300w, https:\/\/icfoto.cz\/wp-content\/uploads\/2019\/12\/svatba_3-1-768x501.jpg 768w, https:\/\/icfoto.cz\/wp-content\/uploads\/2019\/12\/svatba_3-1-1536x1002.jpg 1536w, https:\/\/icfoto.cz\/wp-content\/uploads\/2019\/12\/svatba_3-1.jpg 1920w\" sizes=\"(max-width: 1024px) 100vw, 1024px\" \/><\/figure><\/div>\n\n<div class=\"wp-block-image\">\n<figure class=\"aligncenter size-large\"><img decoding=\"async\" loading=\"lazy\" width=\"1024\" height=\"555\" src=\"http:\/\/icfoto.cz\/wp-content\/uploads\/2019\/12\/156-1024x555.jpg\" alt=\"\" class=\"wp-image-368\" srcset=\"https:\/\/icfoto.cz\/wp-content\/uploads\/2019\/12\/156-1024x555.jpg 1024w, https:\/\/icfoto.cz\/wp-content\/uploads\/2019\/12\/156-300x163.jpg 300w, https:\/\/icfoto.cz\/wp-content\/uploads\/2019\/12\/156-768x416.jpg 768w, https:\/\/icfoto.cz\/wp-content\/uploads\/2019\/12\/156-1536x833.jpg 1536w, https:\/\/icfoto.cz\/wp-content\/uploads\/2019\/12\/156.jpg 1920w\" sizes=\"(max-width: 1024px) 100vw, 1024px\" \/><\/figure><\/div>\n\n<div class=\"wp-block-image\">\n<figure class=\"aligncenter size-large\"><img decoding=\"async\" loading=\"lazy\" width=\"456\" height=\"700\" src=\"http:\/\/icfoto.cz\/wp-content\/uploads\/2019\/12\/149-1.jpg\" alt=\"\" class=\"wp-image-369\" srcset=\"https:\/\/icfoto.cz\/wp-content\/uploads\/2019\/12\/149-1.jpg 456w, https:\/\/icfoto.cz\/wp-content\/uploads\/2019\/12\/149-1-195x300.jpg 195w\" sizes=\"(max-width: 456px) 100vw, 456px\" \/><\/figure><\/div>\n\n<div class=\"wp-block-image\">\n<figure class=\"aligncenter size-large\"><img decoding=\"async\" loading=\"lazy\" width=\"1024\" height=\"576\" src=\"http:\/\/icfoto.cz\/wp-content\/uploads\/2019\/12\/S_4-1024x576.jpg\" alt=\"\" class=\"wp-image-370\" srcset=\"https:\/\/icfoto.cz\/wp-content\/uploads\/2019\/12\/S_4-1024x576.jpg 1024w, https:\/\/icfoto.cz\/wp-content\/uploads\/2019\/12\/S_4-300x169.jpg 300w, https:\/\/icfoto.cz\/wp-content\/uploads\/2019\/12\/S_4-768x432.jpg 768w, https:\/\/icfoto.cz\/wp-content\/uploads\/2019\/12\/S_4-1536x864.jpg 1536w, https:\/\/icfoto.cz\/wp-content\/uploads\/2019\/12\/S_4.jpg 1920w\" sizes=\"(max-width: 1024px) 100vw, 1024px\" \/><\/figure><\/div>\n\n<div class=\"wp-block-image\">\n<figure class=\"aligncenter size-large\"><img decoding=\"async\" loading=\"lazy\" width=\"1024\" height=\"480\" src=\"http:\/\/icfoto.cz\/wp-content\/uploads\/2019\/12\/svatba4-1024x480.jpg\" alt=\"\" class=\"wp-image-371\" srcset=\"https:\/\/icfoto.cz\/wp-content\/uploads\/2019\/12\/svatba4-1024x480.jpg 1024w, https:\/\/icfoto.cz\/wp-content\/uploads\/2019\/12\/svatba4-300x141.jpg 300w, https:\/\/icfoto.cz\/wp-content\/uploads\/2019\/12\/svatba4-768x360.jpg 768w, https:\/\/icfoto.cz\/wp-content\/uploads\/2019\/12\/svatba4-1536x720.jpg 1536w, https:\/\/icfoto.cz\/wp-content\/uploads\/2019\/12\/svatba4.jpg 1920w\" sizes=\"(max-width: 1024px) 100vw, 1024px\" \/><\/figure><\/div>\n\n<div class=\"wp-block-image\">\n<figure class=\"aligncenter size-large\"><img decoding=\"async\" loading=\"lazy\" width=\"533\" height=\"800\" src=\"http:\/\/icfoto.cz\/wp-content\/uploads\/2019\/12\/svatba_5.jpg\" alt=\"\" class=\"wp-image-372\" srcset=\"https:\/\/icfoto.cz\/wp-content\/uploads\/2019\/12\/svatba_5.jpg 533w, https:\/\/icfoto.cz\/wp-content\/uploads\/2019\/12\/svatba_5-200x300.jpg 200w\" sizes=\"(max-width: 533px) 100vw, 533px\" \/><\/figure><\/div>","protected":false},"excerpt":{"rendered":"<p>Nab\u00edz\u00edm focen\u00ed svateb, cena je na dohod\u011b, p\u0159\u00edpadn\u00e9 dal\u0161\u00ed fotky na vy\u017e\u00e1d\u00e1n\u00ed.<\/p>\n","protected":false},"author":1,"featured_media":0,"parent":0,"menu_order":0,"comment_status":"closed","ping_status":"closed","template":"","meta":[],"_links":{"self":[{"href":"https:\/\/icfoto.cz\/index.php?rest_route=\/wp\/v2\/pages\/171"}],"collection":[{"href":"https:\/\/icfoto.cz\/index.php?rest_route=\/wp\/v2\/pages"}],"about":[{"href":"https:\/\/icfoto.cz\/index.php?rest_route=\/wp\/v2\/types\/page"}],"author":[{"embeddable":true,"href":"https:\/\/icfoto.cz\/index.php?rest_route=\/wp\/v2\/users\/1"}],"replies":[{"embeddable":true,"href":"https:\/\/icfoto.cz\/index.php?rest_route=%2Fwp%2Fv2%2Fcomments&post=171"}],"version-history":[{"count":9,"href":"https:\/\/icfoto.cz\/index.php?rest_route=\/wp\/v2\/pages\/171\/revisions"}],"predecessor-version":[{"id":690,"href":"https:\/\/icfoto.cz\/index.php?rest_route=\/wp\/v2\/pages\/171\/revisions\/690"}],"wp:attachment":[{"href":"https:\/\/icfoto.cz\/index.php?rest_route=%2Fwp%2Fv2%2Fmedia&parent=171"}],"curies":[{"name":"wp","href":"https:\/\/api.w.org\/{rel}","templated":true}]}}